{"id":42649,"date":"2026-04-29T13:43:11","date_gmt":"2026-04-29T13:43:11","guid":{"rendered":"https:\/\/www.home-original.eu\/?post_type=product&#038;p=42649"},"modified":"2026-04-29T13:54:06","modified_gmt":"2026-04-29T13:54:06","slug":"tableau-campina-de-castilla","status":"publish","type":"product","link":"https:\/\/www.home-original.eu\/fr\/product\/tableau-campina-de-castilla\/","title":{"rendered":"Tableau Campi\u00f1a de Castilla"},"content":{"rendered":"<p style=\"line-height: 19.6px; margin: 0px 0px 6px; color: #474747; font-family: Questrial, sans-serif; font-size: 14px; background-color: #ffffff;\">Peint \u00e0 la main dans notre atelier par des artistes d\u2019origine locale. Tableau et peintures acryliques de haute qualit\u00e9. Le tableau est fabriqu\u00e9 en bois de pin about\u00e9 (sans pliage) avec un profil de 35\u00d730.\u00a0 Le tableau est mont\u00e9e sur le ch\u00e2ssis de mani\u00e8re totalement artisanale, ce qui permet d\u2019obtenir une finition sans \u00e9tirement.<\/p>\n","protected":false},"excerpt":{"rendered":"<p>Apportez la lumi\u00e8re et la s\u00e9r\u00e9nit\u00e9 de la campagne castillane dans votre int\u00e9rieur avec \u00ab Campi\u00f1a de Castilla \u00bb. Une \u0153uvre abstraite qui capture l&rsquo;essence de l&rsquo;horizon gr\u00e2ce \u00e0 une palette \u00e9clatante de jaunes, de verts et de violets. Id\u00e9ale pour les salons modernes et les chambres \u00e0 coucher qui recherchent un point focal \u00e9l\u00e9gant et d\u00e9bordant d&rsquo;\u00e9nergie naturelle. Cadre d\u00e9coratif non inclus.<\/p>\n","protected":false},"featured_media":42679,"comment_status":"open","ping_status":"closed","template":"","meta":[],"product_brand":[],"product_cat":[620,677,674,840,622,535,537],"product_tag":[],"class_list":{"0":"post-42649","1":"product","2":"type-product","3":"status-publish","4":"has-post-thumbnail","6":"product_cat-nouvelles","7":"product_cat-tableaux-colorees-fr","8":"product_cat-tableaux-de-marinas","9":"product_cat-tableaux-du-salon-fr","10":"product_cat-tableaux-nouvelles","11":"product_cat-tableaux-a-la-moutarde","12":"product_cat-tableaux-jaunes","13":"pa_height-x-width-x-thickness-90-x-90","14":"pa_height-x-width-x-thickness-110-x-110","15":"pa_height-x-width-x-thickness-120-x-80","16":"pa_height-x-width-x-thickness-150-x-80","17":"pa_height-x-width-x-thickness-130-x-100","19":"first","20":"instock","21":"taxable","22":"shipping-taxable","23":"purchasable","24":"product-type-variable"},"acf":[],"_links":{"self":[{"href":"https:\/\/www.home-original.eu\/fr\/wp-json\/wp\/v2\/product\/42649","targetHints":{"allow":["GET"]}}],"collection":[{"href":"https:\/\/www.home-original.eu\/fr\/wp-json\/wp\/v2\/product"}],"about":[{"href":"https:\/\/www.home-original.eu\/fr\/wp-json\/wp\/v2\/types\/product"}],"replies":[{"embeddable":true,"href":"https:\/\/www.home-original.eu\/fr\/wp-json\/wp\/v2\/comments?post=42649"}],"wp:featuredmedia":[{"embeddable":true,"href":"https:\/\/www.home-original.eu\/fr\/wp-json\/wp\/v2\/media\/42679"}],"wp:attachment":[{"href":"https:\/\/www.home-original.eu\/fr\/wp-json\/wp\/v2\/media?parent=42649"}],"wp:term":[{"taxonomy":"product_brand","embeddable":true,"href":"https:\/\/www.home-original.eu\/fr\/wp-json\/wp\/v2\/product_brand?post=42649"},{"taxonomy":"product_cat","embeddable":true,"href":"https:\/\/www.home-original.eu\/fr\/wp-json\/wp\/v2\/product_cat?post=42649"},{"taxonomy":"product_tag","embeddable":true,"href":"https:\/\/www.home-original.eu\/fr\/wp-json\/wp\/v2\/product_tag?post=42649"}],"curies":[{"name":"wp","href":"https:\/\/api.w.org\/{rel}","templated":true}]}}